{"id":8600,"date":"2022-03-16T16:27:25","date_gmt":"2022-03-16T16:27:25","guid":{"rendered":"https:\/\/naturschutzfleesch.lu\/?post_type=producer&#038;p=8600"},"modified":"2022-09-02T14:15:37","modified_gmt":"2022-09-02T14:15:37","slug":"jean-claude-wampach-bastendorf","status":"publish","type":"producer","link":"https:\/\/naturschutzfleesch.lu\/lu\/produzent\/jean-claude-wampach-bastendorf\/","title":{"rendered":"Jean-Claude Wampach &#8211; Bastendorf"},"content":{"rendered":"<p style=\"font-weight: 400;\">Seit 2002 halten Herr Wampach und Herr Stoltz im Betrieb \u201eHighlander vun der Tomm\u201c in und um Bastendorf Highland-Rinder in extensiver Ganzjahresbeweidung. Auch Angus Rinder kommen auf den Fl\u00e4chen zum Einsatz.<\/p>\n<p style=\"font-weight: 400;\">Nach Anfangsjahren auf den Weiden um den Wohnort in Bastendorf\u00a0 konnte das Projekt zwischenzeitlich auf fast 50 ha Fl\u00e4che ausgedehnt werden.\u00a0 Insbesondere auf den steilen H\u00e4ngen zwischen Diekirch und Friedhaff (Bamerdall) konnten gro\u00dfe neue und zuvor verbuschte Fl\u00e4chen erschlossen werden.<\/p>\n<p style=\"font-weight: 400;\">Der Betrieb ist bio zertifiziert und seit 2020 Mitglied des Labels und der Erzeugergenossenschaft NATURSCHUTZ FLEESCH.<\/p>\n","protected":false},"excerpt":{"rendered":"<p>Seit 2002 halten Herr Wampach und Herr Stoltz im Betrieb \u201eHighlander vun der Tomm\u201c in und um&#8230;<\/p>\n","protected":false},"featured_media":8601,"template":"","breed":[84,83],"class_list":{"0":"post-8600","1":"producer","2":"type-producer","3":"status-publish","4":"has-post-thumbnail","6":"breed-angus","7":"breed-highland"},"acf":[],"_links":{"self":[{"href":"https:\/\/naturschutzfleesch.lu\/lu\/wp-json\/wp\/v2\/producer\/8600","targetHints":{"allow":["GET"]}}],"collection":[{"href":"https:\/\/naturschutzfleesch.lu\/lu\/wp-json\/wp\/v2\/producer"}],"about":[{"href":"https:\/\/naturschutzfleesch.lu\/lu\/wp-json\/wp\/v2\/types\/producer"}],"version-history":[{"count":3,"href":"https:\/\/naturschutzfleesch.lu\/lu\/wp-json\/wp\/v2\/producer\/8600\/revisions"}],"predecessor-version":[{"id":8989,"href":"https:\/\/naturschutzfleesch.lu\/lu\/wp-json\/wp\/v2\/producer\/8600\/revisions\/8989"}],"wp:featuredmedia":[{"embeddable":true,"href":"https:\/\/naturschutzfleesch.lu\/lu\/wp-json\/wp\/v2\/media\/8601"}],"wp:attachment":[{"href":"https:\/\/naturschutzfleesch.lu\/lu\/wp-json\/wp\/v2\/media?parent=8600"}],"wp:term":[{"taxonomy":"breed","embeddable":true,"href":"https:\/\/naturschutzfleesch.lu\/lu\/wp-json\/wp\/v2\/breed?post=8600"}],"curies":[{"name":"wp","href":"https:\/\/api.w.org\/{rel}","templated":true}]}}